{"id":6715,"date":"2014-06-10T15:14:51","date_gmt":"2014-06-10T15:14:51","guid":{"rendered":"http:\/\/www.escuelagestalt.edu.mx:8888\/?page_id=6715"},"modified":"2021-11-17T18:20:28","modified_gmt":"2021-11-17T18:20:28","slug":"arquitectura","status":"publish","type":"page","link":"http:\/\/www.escuelagestalt.edu.mx\/?page_id=6715","title":{"rendered":"Arquitectura"},"content":{"rendered":"<p>[vc_row][vc_column width=&#8221;1\/1&#8243;]<p><h2  class=\"h-custom-headline center-text h2 accent\" ><span> Arquitectura\u00a0<\/span><\/h2><\/p>\n<p style=\"text-align: center;\">ACUERDO PSU-013\/96<\/p>\n<p>\n[\/vc_column][\/vc_row][vc_row][vc_column width=&#8221;1\/3&#8243;]<img  class=\"x-img x-img-circle none\"  src=\"http:\/\/www.escuelagestalt.edu.mx\/wp-content\/uploads\/2014\/06\/Arq1.jpg\" ><img  class=\"x-img x-img-circle none\"  src=\"http:\/\/www.escuelagestalt.edu.mx\/wp-content\/uploads\/2014\/06\/Arq3.jpg\" >[\/vc_column][vc_column width=&#8221;1\/3&#8243;]<div id=\"arquitectura\" class=\"x-accordion\" ><div  class=\"x-accordion-group\" ><div class=\"x-accordion-heading\"><a class=\"x-accordion-toggle\" data-toggle=\"collapse\"  href=\"#collapse-1\">En la comunidad<\/a><\/div> <!-- end .x-accordion-heading --><div id=\"collapse-1\" class=\"accordion-body collapse in\"><div class=\"x-accordion-inner\"><span style=\"color: #000000;\">El sentido de ser Arquitecto sensible a una problem\u00e1tica humanista, y con la visi\u00f3n de aportar ideas con un alto grado de s\u00edntesis que contribuyan al desarrollo del hombre en su comunidad.<\/span><\/div> <!-- end .x-accordion-inner --><\/div> <!-- end .x-accordion-body --><\/div> <!-- end .x-accordion-group --><div  class=\"x-accordion-group\" ><div class=\"x-accordion-heading\"><a class=\"x-accordion-toggle\" data-toggle=\"collapse\"  href=\"#collapse-2\">Objetivos<\/a><\/div> <!-- end .x-accordion-heading --><div id=\"collapse-2\" class=\"accordion-body collapse in\"><div class=\"x-accordion-inner\"><span style=\"color: #000000;\">Formar profesionales en Arquitectura que se puedan involucrar en el desarrollo de nuestro Estado para comprometerse a investigar, proponer espacios arquitect\u00f3nicos en los que se utilicen tecnolog\u00edas alternativas y se compartan experiencias con los pobladores y as\u00ed cada pueblo se integr\u00e9 al desarrollo econ\u00f3mico para el bienestar de su familia.<\/span><\/div> <!-- end .x-accordion-inner --><\/div> <!-- end .x-accordion-body --><\/div> <!-- end .x-accordion-group --><div  class=\"x-accordion-group\" ><div class=\"x-accordion-heading\"><a class=\"x-accordion-toggle collapsed\" data-toggle=\"collapse\"  href=\"#collapse-3\">Perfil<\/a><\/div> <!-- end .x-accordion-heading --><div id=\"collapse-3\" class=\"accordion-body collapse\"><div class=\"x-accordion-inner\"><span style=\"color: #000000;\">La carrera de Arquitectura tiene como objeto formar hombres capaces de evaluar y entender objetivamente la problem\u00e1tica socio-econ\u00f3mica y cultural de nuestro Estado, es decir que produzcan un dise\u00f1o intencionado hacia un humanismo ecol\u00f3gico que identifique nuestro medio y nos d\u00e9 una imagen actualizada de nosotros mismos en confrontaci\u00f3n con los dem\u00e1s pueblos rescatando para ellos los conceptos de nuestro pasado.<\/span><\/div> <!-- end .x-accordion-inner --><\/div> <!-- end .x-accordion-body --><\/div> <!-- end .x-accordion-group --><div  class=\"x-accordion-group\" ><div class=\"x-accordion-heading\"><a class=\"x-accordion-toggle collapsed\" data-toggle=\"collapse\"  href=\"#collapse-4\">Campo de trabajo<\/a><\/div> <!-- end .x-accordion-heading --><div id=\"collapse-4\" class=\"accordion-body collapse\"><div class=\"x-accordion-inner\"><\/p>\n<div style=\"color: #000000;\">Las necesidades del habitar, al darse en t\u00e9rminos de una ubicaci\u00f3n, un prop\u00f3sito y unos recursos, implica conseguir en su Arquitectura una respuesta equilibrada, en su funci\u00f3n, expresi\u00f3n y su construcci\u00f3n.<\/div>\n<div style=\"color: #000000;\"><\/div>\n<div style=\"color: #000000;\">La participaci\u00f3n del Arquitecto se requiere en actividades de investigaci\u00f3n cient\u00edfica, planeaci\u00f3n y dise\u00f1o urbano, proyectos arquitect\u00f3nicos, construcci\u00f3n y supervisi\u00f3n de obras y en la ense\u00f1anza de la Arquitectura.<\/div>\n<div style=\"color: #000000;\"><\/div>\n<div style=\"color: #000000;\">Estas actividades se dan en el sector privado as\u00ed como las instituciones encargadas de la planeaci\u00f3n y dise\u00f1o de los asentamientos humanos.<\/div>\n<p><\/div> <!-- end .x-accordion-inner --><\/div> <!-- end .x-accordion-body --><\/div> <!-- end .x-accordion-group --><\/div>[\/vc_column][vc_column width=&#8221;1\/3&#8243;]<img  class=\"x-img x-img-circle none\"  src=\"http:\/\/www.escuelagestalt.edu.mx\/wp-content\/uploads\/2014\/06\/Arq2.jpg\" ><img  class=\"x-img x-img-circle none\"  src=\"http:\/\/www.escuelagestalt.edu.mx\/wp-content\/uploads\/2014\/06\/Arq4.jpg\" >[\/vc_column][\/vc_row][vc_row][vc_column width=&#8221;1\/1&#8243;]<hr id=\"div\" class=\"x-hr\" >[\/vc_column][\/vc_row][vc_row][vc_column width=&#8221;1\/1&#8243;]<h3  class=\"h-custom-headline center-text h3\" ><span>Requisitos y Plan de estudios<\/span><\/h3>[\/vc_column][\/vc_row][vc_row][vc_column width=&#8221;1\/3&#8243;]<ul id=\"arq\" class=\"x-ul-icons\" ><li  class=\"x-li-icon\" ><i class=\" x-icon-check\"><\/i>Acta de Nacimiento Actualizada<\/li><li  class=\"x-li-icon\" ><i class=\" x-icon-check\"><\/i>Certificado de Primaria<\/li><li  class=\"x-li-icon\" ><i class=\" x-icon-check\"><\/i>Certificado de Secundaria<\/li><li  class=\"x-li-icon\" ><i class=\" x-icon-check\"><\/i>Certificado de Bachillerato<\/li><li  class=\"x-li-icon\" ><i class=\" x-icon-check\"><\/i>Carta de Buena Conducta<\/li><li  class=\"x-li-icon\" ><i class=\" x-icon-check\"><\/i>Certificado M\u00e9dico Expedido por una Instituci\u00f3n Oficial<\/li><li  class=\"x-li-icon\" ><i class=\" x-icon-check\"><\/i>6 Fotograf\u00edas Tama\u00f1o Infantil<\/li><li  class=\"x-li-icon\" ><i class=\" x-icon-check\"><\/i>CURP<\/li><\/ul>[\/vc_column][vc_column width=&#8221;1\/3&#8243;]<div  class=\"x-accordion\" ><div  class=\"x-accordion-group\" ><div class=\"x-accordion-heading\"><a class=\"x-accordion-toggle\" data-toggle=\"collapse\"  href=\"#collapse-5\">1er Semestre<\/a><\/div> <!-- end .x-accordion-heading --><div id=\"collapse-5\" class=\"accordion-body collapse in\"><div class=\"x-accordion-inner\"><\/p>\n<ul>\n<li>\u00a0Est\u00e1tica<\/li>\n<li>Geometr\u00eda Anal\u00edtica<\/li>\n<li>Geometr\u00eda Descriptiva 1<\/li>\n<li>Elementos del Dibujo<\/li>\n<li>Apreciaci\u00f3n Est\u00e9tica<\/li>\n<li>Taller de Redacci\u00f3n<\/li>\n<li>Dise\u00f1o B\u00e1sico 1<\/li>\n<li>M\u00e9todos y T\u00e9cnicas de Investigaci\u00f3n<\/li>\n<\/ul>\n<p><\/div> <!-- end .x-accordion-inner --><\/div> <!-- end .x-accordion-body --><\/div> <!-- end .x-accordion-group --><div  class=\"x-accordion-group\" ><div class=\"x-accordion-heading\"><a class=\"x-accordion-toggle collapsed\" data-toggle=\"collapse\"  href=\"#collapse-6\">2do. Semestre<\/a><\/div> <!-- end .x-accordion-heading --><div id=\"collapse-6\" class=\"accordion-body collapse\"><div class=\"x-accordion-inner\"><\/p>\n<div style=\"color: #000000;\">\n<ul>\n<li>Diagn\u00f3stico Comunitario<\/li>\n<li>Historia de la Arquitectura 1<\/li>\n<li>Matem\u00e1ticas 1<\/li>\n<li>Resistencia de Materiales 1<\/li>\n<li>Topograf\u00eda<\/li>\n<li>Geometr\u00eda Descriptiva 2<\/li>\n<li>Dibujo Arquitect\u00f3nico 1<\/li>\n<li>Dise\u00f1o B\u00e1sico 2<\/li>\n<\/ul>\n<\/div>\n<p><\/div> <!-- end .x-accordion-inner --><\/div> <!-- end .x-accordion-body --><\/div> <!-- end .x-accordion-group --><div  class=\"x-accordion-group\" ><div class=\"x-accordion-heading\"><a class=\"x-accordion-toggle collapsed\" data-toggle=\"collapse\"  href=\"#collapse-7\">3er Semestre<\/a><\/div> <!-- end .x-accordion-heading --><div id=\"collapse-7\" class=\"accordion-body collapse\"><div class=\"x-accordion-inner\"><\/p>\n<ul>\n<li>Historia de la Arquitectura 2<\/li>\n<li>Matem\u00e1ticas 2<\/li>\n<li>Resistencia de Materiales 2<\/li>\n<li>Materiales y Proc. De Construcci\u00f3n 1<\/li>\n<li>Dibujo Arquitect\u00f3nico 2<\/li>\n<li>Perspectiva<\/li>\n<li>Taller de Proyectos 1<\/li>\n<li>Introducci\u00f3n a la Teor\u00eda de la Arquitectura<\/li>\n<\/ul>\n<p><\/div> <!-- end .x-accordion-inner --><\/div> <!-- end .x-accordion-body --><\/div> <!-- end .x-accordion-group --><div  class=\"x-accordion-group\" ><div class=\"x-accordion-heading\"><a class=\"x-accordion-toggle collapsed\" data-toggle=\"collapse\"  href=\"#collapse-8\">4to. Semestre<\/a><\/div> <!-- end .x-accordion-heading --><div id=\"collapse-8\" class=\"accordion-body collapse\"><div class=\"x-accordion-inner\"><\/p>\n<ul>\n<li>Bioclimatismo 1<\/li>\n<li>Historia de la Arquitectura 3<\/li>\n<li>Materiales y Proc. de Construcci\u00f3n 2<\/li>\n<li>Laboratorio de Materiales 1<\/li>\n<li>Concreto Reforzado 1<\/li>\n<li>T\u00e9cnicas de Representaci\u00f3n<\/li>\n<li>Taller de Proyectos 2<\/li>\n<li>Lenguaje de la Arquitectura<\/li>\n<\/ul>\n<p><\/div> <!-- end .x-accordion-inner --><\/div> <!-- end .x-accordion-body --><\/div> <!-- end .x-accordion-group --><\/div>[\/vc_column][vc_column width=&#8221;1\/3&#8243;]<div  class=\"x-accordion\" ><div  class=\"x-accordion-group\" ><div class=\"x-accordion-heading\"><a class=\"x-accordion-toggle\" data-toggle=\"collapse\"  href=\"#collapse-9\">5to. Semestre<\/a><\/div> <!-- end .x-accordion-heading --><div id=\"collapse-9\" class=\"accordion-body collapse in\"><div class=\"x-accordion-inner\"><\/p>\n<ul>\n<li>Bioclimatismo 2<\/li>\n<li>Historia de la Arquitectura 4<\/li>\n<li>Laboratorio de Materiales 2<\/li>\n<li>Instalaciones de Edificios<\/li>\n<li>Concreto Reforzado 2<\/li>\n<li>Taller de Maquetas<\/li>\n<li>Taller de Proyectos 3<\/li>\n<li>Valores y Medios de la Arquitectura<\/li>\n<\/ul>\n<p><\/div> <!-- end .x-accordion-inner --><\/div> <!-- end .x-accordion-body --><\/div> <!-- end .x-accordion-group --><div  class=\"x-accordion-group\" ><div class=\"x-accordion-heading\"><a class=\"x-accordion-toggle collapsed\" data-toggle=\"collapse\"  href=\"#collapse-10\">6to Semestre<\/a><\/div> <!-- end .x-accordion-heading --><div id=\"collapse-10\" class=\"accordion-body collapse\"><div class=\"x-accordion-inner\"><\/p>\n<ul>\n<li>Historia de la Arquitectura 5<\/li>\n<li>Concep. de la Arquitectura Contempor\u00e1nea<\/li>\n<li>Instalaciones de Edificios 2<\/li>\n<li>Taller de Construcci\u00f3n 1<\/li>\n<li>Administraci\u00f3n de Obras 1<\/li>\n<li>Estructuras 1<\/li>\n<li>Urbanismo 1<\/li>\n<li>Talle de Proyectos 4<\/li>\n<\/ul>\n<p><\/div> <!-- end .x-accordion-inner --><\/div> <!-- end .x-accordion-body --><\/div> <!-- end .x-accordion-group --><div  class=\"x-accordion-group\" ><div class=\"x-accordion-heading\"><a class=\"x-accordion-toggle collapsed\" data-toggle=\"collapse\"  href=\"#collapse-11\">7mo. Semestre<\/a><\/div> <!-- end .x-accordion-heading --><div id=\"collapse-11\" class=\"accordion-body collapse\"><div class=\"x-accordion-inner\"><\/p>\n<ul>\n<li>Taller de Construcci\u00f3n 2<\/li>\n<li>Administraci\u00f3n de Obras 2<\/li>\n<li>Estructuras 2<\/li>\n<li>Urbanismo 2<\/li>\n<li>Taller de Proyectos 5<\/li>\n<li>Arquitectura Legal y Financiera<\/li>\n<\/ul>\n<p><\/div> <!-- end .x-accordion-inner --><\/div> <!-- end .x-accordion-body --><\/div> <!-- end .x-accordion-group --><div  class=\"x-accordion-group\" ><div class=\"x-accordion-heading\"><a class=\"x-accordion-toggle collapsed\" data-toggle=\"collapse\"  href=\"#collapse-12\">8vo. Semestre<\/a><\/div> <!-- end .x-accordion-heading --><div id=\"collapse-12\" class=\"accordion-body collapse\"><div class=\"x-accordion-inner\"><\/p>\n<ul>\n<li>Taller de Dise\u00f1o Urbano<\/li>\n<li>Taller Integral de Proyectos<\/li>\n<li>Tecnolog\u00edas Alternativas para la Vivienda<\/li>\n<li>Seminario de Tesis 1<\/li>\n<li>\u00c9tica Profesional del Arquitecto<\/li>\n<\/ul>\n<p><\/div> <!-- end .x-accordion-inner --><\/div> <!-- end .x-accordion-body --><\/div> <!-- end .x-accordion-group --><div  class=\"x-accordion-group\" ><div class=\"x-accordion-heading\"><a class=\"x-accordion-toggle collapsed\" data-toggle=\"collapse\"  href=\"#collapse-13\">9no. Semestre<\/a><\/div> <!-- end .x-accordion-heading --><div id=\"collapse-13\" class=\"accordion-body collapse\"><div class=\"x-accordion-inner\"><\/p>\n<ul>\n<li>Seminario y Tesis Profesional.<\/li>\n<\/ul>\n<p><\/div> <!-- end .x-accordion-inner --><\/div> <!-- end .x-accordion-body --><\/div> <!-- end .x-accordion-group --><\/div>[\/vc_column][\/vc_row][vc_row][vc_column width=&#8221;1\/1&#8243;]<hr  class=\"x-hr\" >[\/vc_column][\/vc_row][vc_row][vc_column width=&#8221;1\/1&#8243;]<div  class=\"x-recent-posts cf horizontal\"  data-fade=\"false\"><\/div>[\/vc_column][\/vc_row]<\/p>\n","protected":false},"excerpt":{"rendered":"<p>[vc_row][vc_column width=&#8221;1\/1&#8243;][\/vc_column][\/vc_row][vc_row][vc_column width=&#8221;1\/3&#8243;][\/vc_column][vc_column width=&#8221;1\/3&#8243;][\/vc_column][vc_column width=&#8221;1\/3&#8243;][\/vc_column][\/vc_row][vc_row][vc_column width=&#8221;1\/1&#8243;][\/vc_column][\/vc_row][vc_row][vc_column width=&#8221;1\/1&#8243;][\/vc_column][\/vc_row][vc_row][vc_column width=&#8221;1\/3&#8243;][\/vc_column][vc_column width=&#8221;1\/3&#8243;][\/vc_column][vc_column width=&#8221;1\/3&#8243;][\/vc_column][\/vc_row][vc_row][vc_column width=&#8221;1\/1&#8243;][\/vc_column][\/vc_row][vc_row][vc_column width=&#8221;1\/1&#8243;][\/vc_column][\/vc_row]<\/p>\n","protected":false},"author":1,"featured_media":0,"parent":22,"menu_order":0,"comment_status":"closed","ping_status":"closed","template":"","meta":[],"_links":{"self":[{"href":"http:\/\/www.escuelagestalt.edu.mx\/index.php?rest_route=\/wp\/v2\/pages\/6715"}],"collection":[{"href":"http:\/\/www.escuelagestalt.edu.mx\/index.php?rest_route=\/wp\/v2\/pages"}],"about":[{"href":"http:\/\/www.escuelagestalt.edu.mx\/index.php?rest_route=\/wp\/v2\/types\/page"}],"author":[{"embeddable":true,"href":"http:\/\/www.escuelagestalt.edu.mx\/index.php?rest_route=\/wp\/v2\/users\/1"}],"replies":[{"embeddable":true,"href":"http:\/\/www.escuelagestalt.edu.mx\/index.php?rest_route=%2Fwp%2Fv2%2Fcomments&post=6715"}],"version-history":[{"count":29,"href":"http:\/\/www.escuelagestalt.edu.mx\/index.php?rest_route=\/wp\/v2\/pages\/6715\/revisions"}],"predecessor-version":[{"id":6718,"href":"http:\/\/www.escuelagestalt.edu.mx\/index.php?rest_route=\/wp\/v2\/pages\/6715\/revisions\/6718"}],"up":[{"embeddable":true,"href":"http:\/\/www.escuelagestalt.edu.mx\/index.php?rest_route=\/wp\/v2\/pages\/22"}],"wp:attachment":[{"href":"http:\/\/www.escuelagestalt.edu.mx\/index.php?rest_route=%2Fwp%2Fv2%2Fmedia&parent=6715"}],"curies":[{"name":"wp","href":"https:\/\/api.w.org\/{rel}","templated":true}]}}