{"id":24,"date":"2014-06-05T17:13:19","date_gmt":"2014-06-05T17:13:19","guid":{"rendered":"http:\/\/www.escuelagestalt.edu.mx:8888\/?page_id=24"},"modified":"2021-11-17T18:21:59","modified_gmt":"2021-11-17T18:21:59","slug":"maestrias","status":"publish","type":"page","link":"http:\/\/www.escuelagestalt.edu.mx\/?page_id=24","title":{"rendered":"Maestrias"},"content":{"rendered":"<p>[vc_row][vc_column width=&#8221;1\/1&#8243;]<p><h2  class=\"h-custom-headline center-text h2 accent\" ><span> Dise\u00f1o de Medios Digitales\u00a0<\/span><\/h2><\/p>\n<p style=\"text-align: center;\">ACUERDO PSU-242\/2012<\/p>\n<p>\n[\/vc_column][\/vc_row][vc_row][vc_column width=&#8221;1\/3&#8243;]<img  class=\"x-img x-img-circle none\"  src=\"http:\/\/www.escuelagestalt.edu.mx\/wp-content\/uploads\/2014\/06\/mt2.jpg\" ><img  class=\"x-img x-img-circle none\"  src=\"http:\/\/www.escuelagestalt.edu.mx\/wp-content\/uploads\/2014\/06\/mt1.jpg\" >[\/vc_column][vc_column width=&#8221;1\/3&#8243;]<div id=\"dise\u00f1o grafico\" class=\"x-accordion\" ><div  class=\"x-accordion-group\" ><div class=\"x-accordion-heading\"><a class=\"x-accordion-toggle\" data-toggle=\"collapse\"  href=\"#collapse-1\">Objetivos<\/a><\/div> <!-- end .x-accordion-heading --><div id=\"collapse-1\" class=\"accordion-body collapse in\"><div class=\"x-accordion-inner\"><\/p>\n<p class=\"p1\">Formar maestros en dise\u00f1o de medios digitales capaces de investigar y desarrollar soluciones \u00f3ptimas a problemas particulares de comunicaci\u00f3n mediante la correcta aplicaci\u00f3n del conocimiento de aspectos formales, conceptuales y tecnol\u00f3gicos del medio y su entorno.<\/p>\n<p><\/div> <!-- end .x-accordion-inner --><\/div> <!-- end .x-accordion-body --><\/div> <!-- end .x-accordion-group --><div  class=\"x-accordion-group\" ><div class=\"x-accordion-heading\"><a class=\"x-accordion-toggle\" data-toggle=\"collapse\"  href=\"#collapse-2\">Perfil<\/a><\/div> <!-- end .x-accordion-heading --><div id=\"collapse-2\" class=\"accordion-body collapse in\"><div class=\"x-accordion-inner\"><\/p>\n<p class=\"p1\">EL egresado reconocer\u00e1 la importancia de la correcta comunicaci\u00f3n visual que permite evidenciar el material textual con la comunicaci\u00f3n visual.<\/p>\n<p class=\"p1\">Conocer\u00e1 los procesos tecnol\u00f3gicos disponibles para la edici\u00f3n digital.<\/p>\n<p class=\"p1\">Reflexionar\u00e1 sobre los procesos acerca de los diferentes medios de comunicaci\u00f3n gr\u00e1fica.<\/p>\n<p class=\"p1\">Reconocer\u00e1 las circunstancias contextuales e intuiciones comunicativas que influyen o han influido en el dise\u00f1o de la comunicaci\u00f3n visual.<\/p>\n<p class=\"p1\">Valorar\u00e1 la importancia de los diferentes objetos gr\u00e1ficos como veh\u00edculos s\u00edgnicos.<\/p>\n<p class=\"p1\">Desarrollar\u00e1 procesos \u00f3ptimos en la metodolog\u00eda proyectual.<\/p>\n<p class=\"p1\">Generar\u00e1 criterios l\u00f3gicos en el redise\u00f1o y dise\u00f1o de los mensajes gr\u00e1ficos.<\/p>\n<p><\/div> <!-- end .x-accordion-inner --><\/div> <!-- end .x-accordion-body --><\/div> <!-- end .x-accordion-group --><div  class=\"x-accordion-group\" ><div class=\"x-accordion-heading\"><a class=\"x-accordion-toggle collapsed\" data-toggle=\"collapse\"  href=\"#collapse-3\">Campo de trabajo<\/a><\/div> <!-- end .x-accordion-heading --><div id=\"collapse-3\" class=\"accordion-body collapse\"><div class=\"x-accordion-inner\"><\/p>\n<p class=\"p1\">Dominar\u00e1 el campo de la comunicaci\u00f3n visual gr\u00e1fica en todas sus expresiones.<\/p>\n<p class=\"p1\">Evaluar con pertinencia y acertividad su trabajo con el fin de superarse.<\/p>\n<p class=\"p1\">Formar\u00e1 planes de trabajo acordes a las soluciones \u00f3ptimas de problemas particulares de la comunicaci\u00f3n gr\u00e1fica.<\/p>\n<p><\/div> <!-- end .x-accordion-inner --><\/div> <!-- end .x-accordion-body --><\/div> <!-- end .x-accordion-group --><\/div>[\/vc_column][vc_column width=&#8221;1\/3&#8243;]<img  class=\"x-img x-img-circle none\"  src=\"http:\/\/www.escuelagestalt.edu.mx\/wp-content\/uploads\/2014\/06\/mt4.jpg\" ><img  class=\"x-img x-img-circle none\"  src=\"http:\/\/www.escuelagestalt.edu.mx\/wp-content\/uploads\/2014\/06\/mt3.jpg\" >[\/vc_column][\/vc_row][vc_row][vc_column width=&#8221;1\/1&#8243;]<p><h2  class=\"h-custom-headline center-text h2 accent\" ><span> Requisitos\u00a0<\/span><\/h2><\/p>\n[\/vc_column][\/vc_row][vc_row][vc_column width=&#8221;1\/2&#8243;]<ul id=\"arq\" class=\"x-ul-icons\" ><li  class=\"x-li-icon\" ><i class=\" x-icon-check\"><\/i>Acta de Nacimiento Actualizada<\/li><li  class=\"x-li-icon\" ><i class=\" x-icon-check\"><\/i>Certificado de Bachillerato<\/li><li  class=\"x-li-icon\" ><i class=\" x-icon-check\"><\/i>Certificado de\u00a0Estudios Profesionales<\/li><li  class=\"x-li-icon\" ><i class=\" x-icon-check\"><\/i>Acta de Examen Profesional<\/li><li  class=\"x-li-icon\" ><i class=\" x-icon-check\"><\/i>Titulo Profesional<\/li><li  class=\"x-li-icon\" ><i class=\" x-icon-check\"><\/i>6 Fotograf\u00edas Tama\u00f1o Infantil B\/N<\/li><li  class=\"x-li-icon\" ><i class=\" x-icon-check\"><\/i>Presentar Carta de Intenci\u00f3n y acudir a entrevista<\/li><\/ul>[\/vc_column][vc_column width=&#8221;1\/2&#8243;]<img  class=\"x-img x-img-none none\"  src=\"http:\/\/www.escuelagestalt.edu.mx\/wp-content\/uploads\/2014\/06\/ojo-e1403756893871.jpg\" >[\/vc_column][\/vc_row][vc_row][vc_column width=&#8221;1\/1&#8243;]<hr  class=\"x-hr\" >[\/vc_column][\/vc_row][vc_row][vc_column width=&#8221;1\/1&#8243;]<div  class=\"x-recent-posts cf horizontal\"  data-fade=\"false\"><\/div>[\/vc_column][\/vc_row]<\/p>\n","protected":false},"excerpt":{"rendered":"<p>[vc_row][vc_column width=&#8221;1\/1&#8243;][\/vc_column][\/vc_row][vc_row][vc_column width=&#8221;1\/3&#8243;][\/vc_column][vc_column width=&#8221;1\/3&#8243;][\/vc_column][vc_column width=&#8221;1\/3&#8243;][\/vc_column][\/vc_row][vc_row][vc_column width=&#8221;1\/1&#8243;][\/vc_column][\/vc_row][vc_row][vc_column width=&#8221;1\/2&#8243;][\/vc_column][vc_column width=&#8221;1\/2&#8243;][\/vc_column][\/vc_row][vc_row][vc_column width=&#8221;1\/1&#8243;][\/vc_column][\/vc_row][vc_row][vc_column width=&#8221;1\/1&#8243;][\/vc_column][\/vc_row]<\/p>\n","protected":false},"author":1,"featured_media":0,"parent":0,"menu_order":0,"comment_status":"closed","ping_status":"closed","template":"","meta":[],"_links":{"self":[{"href":"http:\/\/www.escuelagestalt.edu.mx\/index.php?rest_route=\/wp\/v2\/pages\/24"}],"collection":[{"href":"http:\/\/www.escuelagestalt.edu.mx\/index.php?rest_route=\/wp\/v2\/pages"}],"about":[{"href":"http:\/\/www.escuelagestalt.edu.mx\/index.php?rest_route=\/wp\/v2\/types\/page"}],"author":[{"embeddable":true,"href":"http:\/\/www.escuelagestalt.edu.mx\/index.php?rest_route=\/wp\/v2\/users\/1"}],"replies":[{"embeddable":true,"href":"http:\/\/www.escuelagestalt.edu.mx\/index.php?rest_route=%2Fwp%2Fv2%2Fcomments&post=24"}],"version-history":[{"count":15,"href":"http:\/\/www.escuelagestalt.edu.mx\/index.php?rest_route=\/wp\/v2\/pages\/24\/revisions"}],"predecessor-version":[{"id":6833,"href":"http:\/\/www.escuelagestalt.edu.mx\/index.php?rest_route=\/wp\/v2\/pages\/24\/revisions\/6833"}],"wp:attachment":[{"href":"http:\/\/www.escuelagestalt.edu.mx\/index.php?rest_route=%2Fwp%2Fv2%2Fmedia&parent=24"}],"curies":[{"name":"wp","href":"https:\/\/api.w.org\/{rel}","templated":true}]}}